{"id":406,"date":"2023-04-10T17:30:11","date_gmt":"2023-04-10T15:30:11","guid":{"rendered":"https:\/\/brandocs.hu\/home\/?page_id=406"},"modified":"2025-02-14T15:33:22","modified_gmt":"2025-02-14T14:33:22","slug":"adatkezelesi-tajekoztato","status":"publish","type":"page","link":"https:\/\/brandocs.hu\/home\/adatkezelesi-tajekoztato\/","title":{"rendered":"Adatkezel\u00e9si t\u00e1j\u00e9koztat\u00f3"},"content":{"rendered":"<p>[et_pb_section fb_built=&#8221;1&#8243; _builder_version=&#8221;4.20.4&#8243; _module_preset=&#8221;default&#8221; custom_margin=&#8221;0px||0px||false|false&#8221; custom_padding=&#8221;0px||0px||false|false&#8221; global_colors_info=&#8221;{}&#8221; da_is_popup=&#8221;off&#8221; da_exit_intent=&#8221;off&#8221; da_has_close=&#8221;on&#8221; da_alt_close=&#8221;off&#8221; da_dark_close=&#8221;off&#8221; da_not_modal=&#8221;on&#8221; da_is_singular=&#8221;off&#8221; da_with_loader=&#8221;off&#8221; da_has_shadow=&#8221;on&#8221; da_disable_devices=&#8221;off|off|off&#8221;][et_pb_row admin_label=&#8221;Sor&#8221; _builder_version=&#8221;4.20.4&#8243; _module_preset=&#8221;default&#8221; width=&#8221;100%&#8221; max_width=&#8221;1200px&#8221; max_width_tablet=&#8221;600px&#8221; max_width_phone=&#8221;320px&#8221; max_width_last_edited=&#8221;on|desktop&#8221; custom_margin=&#8221;0px||0px||false|false&#8221; custom_margin_tablet=&#8221;||||false|false&#8221; custom_margin_phone=&#8221;||||false|false&#8221; custom_margin_last_edited=&#8221;on|tablet&#8221; custom_padding=&#8221;0px||0px||false|false&#8221; locked=&#8221;off&#8221; global_colors_info=&#8221;{}&#8221;][et_pb_column type=&#8221;4_4&#8243; _builder_version=&#8221;4.20.2&#8243; _module_preset=&#8221;default&#8221; global_colors_info=&#8221;{}&#8221;][et_pb_image src=&#8221;https:\/\/brandocs.hu\/home\/wp-content\/uploads\/2023\/01\/logo-brandocs.png&#8221; title_text=&#8221;logo-brandocs&#8221; _builder_version=&#8221;4.20.4&#8243; _module_preset=&#8221;default&#8221; max_width=&#8221;130px&#8221; max_width_tablet=&#8221;130px&#8221; max_width_phone=&#8221;110px&#8221; max_width_last_edited=&#8221;on|phone&#8221; custom_margin=&#8221;40px||||false|false&#8221; custom_margin_tablet=&#8221;40px|||0px|false|false&#8221; custom_margin_phone=&#8221;30px||10px||false|false&#8221; custom_margin_last_edited=&#8221;on|phone&#8221; global_colors_info=&#8221;{}&#8221;][\/et_pb_image][\/et_pb_column][\/et_pb_row][et_pb_row _builder_version=&#8221;4.20.4&#8243; _module_preset=&#8221;default&#8221; width=&#8221;100%&#8221; max_width=&#8221;1200px&#8221; custom_margin=&#8221;50px||||false|false&#8221; global_colors_info=&#8221;{}&#8221;][et_pb_column type=&#8221;4_4&#8243; _builder_version=&#8221;4.20.4&#8243; _module_preset=&#8221;default&#8221; global_colors_info=&#8221;{}&#8221;][et_pb_text _builder_version=&#8221;4.20.4&#8243; _module_preset=&#8221;default&#8221; header_font=&#8221;Inter|700|||||||&#8221; header_font_size=&#8221;34px&#8221; header_line_height=&#8221;1.2em&#8221; header_font_size_tablet=&#8221;34px&#8221; header_font_size_phone=&#8221;30px&#8221; header_font_size_last_edited=&#8221;on|desktop&#8221; global_colors_info=&#8221;{}&#8221;]<\/p>\n<h1>Adatkezel\u00e9si t\u00e1j\u00e9koztat\u00f3<\/h1>\n<p>[\/et_pb_text][\/et_pb_column][\/et_pb_row][et_pb_row _builder_version=&#8221;4.20.4&#8243; _module_preset=&#8221;default&#8221; width=&#8221;100%&#8221; max_width=&#8221;1200px&#8221; global_colors_info=&#8221;{}&#8221;][et_pb_column type=&#8221;4_4&#8243; _builder_version=&#8221;4.20.4&#8243; _module_preset=&#8221;default&#8221; global_colors_info=&#8221;{}&#8221;][et_pb_text _builder_version=&#8221;4.20.4&#8243; _module_preset=&#8221;default&#8221; header_3_font=&#8221;Inter|500|||||||&#8221; header_3_font_size=&#8221;20px&#8221; header_3_line_height=&#8221;26px&#8221; header_4_font=&#8221;Inter|300|||||||&#8221; header_4_font_size=&#8221;17px&#8221; header_4_line_height=&#8221;26px&#8221; global_colors_info=&#8221;{}&#8221;]<\/p>\n<h4>A jelen t\u00e1j\u00e9koztat\u00f3 c\u00e9lja, hogy r\u00f6gz\u00edtse a brandocs.hu (a tov\u00e1bbiakban weboldal) \u00fczemeltet\u0151je, Brandocs Solutions Kft. (a tov\u00e1bbiakban Szolg\u00e1ltat\u00f3) \u00e1ltal alkalmazott adatv\u00e9delmi \u00e9s -kezel\u00e9si elveket \u00e9s a Szolg\u00e1ltat\u00f3 adatv\u00e9delmi \u00e9s -kezel\u00e9si politik\u00e1j\u00e1t, amelyet a Szolg\u00e1ltat\u00f3 mag\u00e1ra n\u00e9zve k\u00f6telez\u0151nek ismer el, mivel a Szolg\u00e1ltat\u00f3 c\u00e9lja, hogy a lehet\u0151 legteljesebb m\u00e9rt\u00e9kben biztos\u00edtsa a weboldalon regisztr\u00e1lt felhaszn\u00e1l\u00f3k szem\u00e9lyes adatainak v\u00e9delm\u00e9t.<br \/>A weboldal haszn\u00e1lat\u00e1val, valamely szolg\u00e1ltat\u00e1s\u00e1nak, alkalmaz\u00e1s\u00e1nak ig\u00e9nybev\u00e9tel\u00e9vel a Felhaszn\u00e1l\u00f3 hozz\u00e1j\u00e1rul, hogy szem\u00e9lyes adatai kezel\u00e9s\u00e9re a jelen Adatkezel\u00e9si T\u00e1j\u00e9koztat\u00f3 rendelkez\u00e9sei szerint ker\u00fclj\u00f6n sor.<\/h4>\n<h4><\/h4>\n<h3>I. A SZOLG\u00c1LTAT\u00d3 MINT ADATKEZEL\u0150 ADATAI<\/h3>\n<h4>A Szolg\u00e1ltat\u00f3 c\u00e9gneve: Brandocs Solutions Kft.<br \/>A Szolg\u00e1ltat\u00f3 sz\u00e9khelye: 2030 \u00c9rd, Moha u. 4.<br \/>A Szolg\u00e1ltat\u00f3 ad\u00f3sz\u00e1ma: 32203374-2-13<br \/>E-mail: info@brandocs.hu<\/h4>\n<h4><\/h4>\n<h3>II. FOGALOM MEGHAT\u00c1ROZ\u00c1SOK<\/h3>\n<h4>A jelen t\u00e1j\u00e9koztat\u00f3ban haszn\u00e1lt kifejez\u00e9seket az inform\u00e1ci\u00f3s \u00f6nrendelkez\u00e9si jogr\u00f3l \u00e9s az inform\u00e1ci\u00f3szabads\u00e1gr\u00f3l sz\u00f3l\u00f3 2011. \u00e9vi CXII. t\u00f6rv\u00e9ny (a tov\u00e1bbiakban Info t\u00f6rv\u00e9ny) \u00e9rtelmez\u0151 rendelkez\u00e9sei k\u00f6z\u00f6tt meghat\u00e1rozott fogalmak szerint kell \u00e9rtelmezni az al\u00e1bbiak szerint.<br \/>Szem\u00e9lyes adat: az \u00e9rintettel kapcsolatba hozhat\u00f3 adat \u2013 k\u00fcl\u00f6n\u00f6sen az \u00e9rintett neve, azonos\u00edt\u00f3 jele, valamint egy vagy t\u00f6bb fizikai, fiziol\u00f3giai, ment\u00e1lis, gazdas\u00e1gi, kultur\u00e1lis vagy szoci\u00e1lis azonoss\u00e1g\u00e1ra jellemz\u0151 ismeret -, valamint az adatb\u00f3l levonhat\u00f3, az \u00e9rintettre vonatkoz\u00f3 k\u00f6vetkeztet\u00e9s;<br \/>\u00c9rintett: b\u00e1rmely meghat\u00e1rozott, szem\u00e9lyes adat alapj\u00e1n azonos\u00edtott vagy \u2013 k\u00f6zvetlen\u00fcl vagy k\u00f6zvetve \u2013 azonos\u00edthat\u00f3 term\u00e9szetes szem\u00e9ly (jelen t\u00e1j\u00e9koztat\u00f3 eset\u00e9ben a Felhaszn\u00e1l\u00f3);<br \/>Hozz\u00e1j\u00e1rul\u00e1s: az \u00e9rintett akarat\u00e1nak \u00f6nk\u00e9ntes \u00e9s hat\u00e1rozott kinyilv\u00e1n\u00edt\u00e1sa, amely megfelel\u0151 t\u00e1j\u00e9koztat\u00e1son alapul, \u00e9s amellyel f\u00e9lre\u00e9rthetetlen beleegyez\u00e9s\u00e9t adja a r\u00e1 vonatkoz\u00f3 szem\u00e9lyes adatok \u2013 teljes k\u00f6r\u0171 vagy egyes m\u0171veletekre kiterjed\u0151 \u2013 kezel\u00e9s\u00e9hez;<br \/>Adatkezel\u00e9s: az alkalmazott elj\u00e1r\u00e1st\u00f3l f\u00fcggetlen\u00fcl az adatokon v\u00e9gzett b\u00e1rmely m\u0171velet vagy a m\u0171veletek \u00f6sszess\u00e9ge, \u00edgy k\u00fcl\u00f6n\u00f6sen gy\u0171jt\u00e9se, felv\u00e9tele, r\u00f6gz\u00edt\u00e9se, rendszerez\u00e9se, t\u00e1rol\u00e1sa, megv\u00e1ltoztat\u00e1sa, felhaszn\u00e1l\u00e1sa, lek\u00e9rdez\u00e9se, tov\u00e1bb\u00edt\u00e1sa, nyilv\u00e1noss\u00e1gra hozatala, \u00f6sszehangol\u00e1sa vagy \u00f6sszekapcsol\u00e1sa, z\u00e1rol\u00e1sa, t\u00f6rl\u00e9se \u00e9s megsemmis\u00edt\u00e9se, valamint az adatok tov\u00e1bbi felhaszn\u00e1l\u00e1s\u00e1nak megakad\u00e1lyoz\u00e1sa, f\u00e9nyk\u00e9p-, hang- vagy k\u00e9pfelv\u00e9tel k\u00e9sz\u00edt\u00e9se, valamint a szem\u00e9ly azonos\u00edt\u00e1s\u00e1ra alkalmas fizikai jellemz\u0151k (pl. ujj- vagy teny\u00e9rnyomat, DNS-minta, \u00edriszk\u00e9p) r\u00f6gz\u00edt\u00e9se;<br \/>Adatkezel\u0151: az a term\u00e9szetes vagy jogi szem\u00e9ly, illetve jogi szem\u00e9lyis\u00e9ggel nem rendelkez\u0151 szervezet, aki vagy amely \u00f6n\u00e1ll\u00f3an vagy m\u00e1sokkal egy\u00fctt az adatok kezel\u00e9s\u00e9nek c\u00e9lj\u00e1t meghat\u00e1rozza, az adatkezel\u00e9sre (bele\u00e9rtve a felhaszn\u00e1lt eszk\u00f6zt) vonatkoz\u00f3 d\u00f6nt\u00e9seket meghozza \u00e9s v\u00e9grehajtja, vagy az \u00e1ltala megb\u00edzott adatfeldolgoz\u00f3val v\u00e9grehajtatja (jelen t\u00e1j\u00e9koztat\u00f3 eset\u00e9ben a Szolg\u00e1ltat\u00f3);<br \/>Adattov\u00e1bb\u00edt\u00e1s: az adat meghat\u00e1rozott harmadik szem\u00e9ly sz\u00e1m\u00e1ra t\u00f6rt\u00e9n\u0151 hozz\u00e1f\u00e9rhet\u0151v\u00e9 t\u00e9tele;<br \/>Nyilv\u00e1noss\u00e1gra hozatal: az adat b\u00e1rki sz\u00e1m\u00e1ra t\u00f6rt\u00e9n\u0151 hozz\u00e1f\u00e9rhet\u0151v\u00e9 t\u00e9tele;<br \/>Adatt\u00f6rl\u00e9s: az adatok felismerhetetlenn\u00e9 t\u00e9tele oly m\u00f3don, hogy a helyre\u00e1ll\u00edt\u00e1suk t\u00f6bb\u00e9 nem lehets\u00e9ges;<br \/>Adatmegjel\u00f6l\u00e9s: az adat azonos\u00edt\u00f3 jelz\u00e9ssel ell\u00e1t\u00e1sa annak megk\u00fcl\u00f6nb\u00f6ztet\u00e9se c\u00e9lj\u00e1b\u00f3l;<br \/>Adatz\u00e1rol\u00e1s: az adat azonos\u00edt\u00f3 jelz\u00e9ssel ell\u00e1t\u00e1sa tov\u00e1bbi kezel\u00e9s\u00e9nek v\u00e9gleges vagy meghat\u00e1rozott id\u0151re t\u00f6rt\u00e9n\u0151 korl\u00e1toz\u00e1sa c\u00e9lj\u00e1b\u00f3l;<br \/>Adatfeldolgoz\u00e1s: az adatkezel\u00e9si m\u0171veletekhez kapcsol\u00f3d\u00f3 technikai feladatok elv\u00e9gz\u00e9se, f\u00fcggetlen\u00fcl a m\u0171veletek v\u00e9grehajt\u00e1s\u00e1hoz alkalmazott m\u00f3dszert\u0151l \u00e9s eszk\u00f6zt\u0151l, valamint az alkalmaz\u00e1s hely\u00e9t\u0151l, felt\u00e9ve hogy a technikai feladatot az adatokon v\u00e9gzik;<br \/>Adatfeldolgoz\u00f3: az a term\u00e9szetes vagy jogi szem\u00e9ly, illetve jogi szem\u00e9lyis\u00e9ggel nem rendelkez\u0151 szervezet, aki vagy amely az adatkezel\u0151vel k\u00f6t\u00f6tt szerz\u0151d\u00e9se alapj\u00e1n \u2013 bele\u00e9rtve a jogszab\u00e1ly rendelkez\u00e9se alapj\u00e1n t\u00f6rt\u00e9n\u0151 szerz\u0151d\u00e9sk\u00f6t\u00e9st is \u2013 adatok feldolgoz\u00e1s\u00e1t v\u00e9gzi;<\/h4>\n<h4><\/h4>\n<h3>III. ADATKEZEL\u00c9S ELVE<\/h3>\n<h4>A Szolg\u00e1ltat\u00f3 a r\u00f6gz\u00edtett szem\u00e9lyes adatokat a mindenkor hat\u00e1lyos adatv\u00e9delmi jogszab\u00e1lyokkal \u2013 \u00edgy k\u00fcl\u00f6n\u00f6sen az Info t\u00f6rv\u00e9nnyel \u2013 \u00f6sszhangban, a jelen t\u00e1j\u00e9koztat\u00f3nak megfelel\u0151en kezeli.<\/h4>\n<h4><\/h4>\n<h3>IV. ADATKEZEL\u00c9S JOGALAPJA<\/h3>\n<h4>A weboldal m\u0171k\u00f6d\u00e9s\u00e9vel \u00e9s szolg\u00e1ltat\u00e1saival kapcsolatos adatkezel\u00e9s sor\u00e1n a szem\u00e9lyes adatok felv\u00e9tele \u00e9s kezel\u00e9se az \u00e9rintett \u00f6nk\u00e9ntes hozz\u00e1j\u00e1rul\u00e1s\u00e1n alapul.<br \/>A Felhaszn\u00e1l\u00f3 a hozz\u00e1j\u00e1rul\u00e1st a weboldal szolg\u00e1ltat\u00e1s\u00e1nak ig\u00e9nybev\u00e9tel\u00e9vel (regisztr\u00e1ci\u00f3val) adja meg.<br \/>A Szolg\u00e1ltat\u00f3 jogosult a Felhaszn\u00e1l\u00f3 r\u00e9sz\u00e9re h\u00edrlevelet vagy egy\u00e9b rekl\u00e1m c\u00e9l\u00fa levelet k\u00fcldeni, amennyiben a Felhaszn\u00e1l\u00f3 a regisztr\u00e1ci\u00f3kor a megfelel\u0151 adatai megad\u00e1s\u00e1val ehhez el\u0151zetesen, egy\u00e9rtelm\u0171en, kifejezetten \u00e9s \u00f6nk\u00e9ntesen hozz\u00e1j\u00e1rult. A Szolg\u00e1ltat\u00f3 nem k\u00f6teles ellen\u0151rizni, hogy a Felhaszn\u00e1l\u00f3 \u00e1ltal a regisztr\u00e1ci\u00f3kor, illet\u0151leg egy\u00e9bk\u00e9nt a hozz\u00e1j\u00e1rul\u00e1s megad\u00e1sakor megadott adatok val\u00f3sak, illet\u0151leg helyt\u00e1ll\u00f3ak.<br \/>A Felhaszn\u00e1l\u00f3 az el\u0151z\u0151 pontban hivatkozott \u00f6nk\u00e9ntes hozz\u00e1j\u00e1rul\u00e1s\u00e1t b\u00e1rmikor jogosult visszavonni. Ebben az esetben a Szolg\u00e1ltat\u00f3 a visszavon\u00e1st k\u00f6vet\u0151en a Felhaszn\u00e1l\u00f3 r\u00e9sz\u00e9re t\u00f6bb h\u00edrlevelet, illet\u0151leg egy\u00e9b rekl\u00e1mlevelet nem k\u00fcld, tov\u00e1bb\u00e1 t\u00f6rli a Felhaszn\u00e1l\u00f3 adatait a h\u00edrlev\u00e9lre feliratkozott felhaszn\u00e1l\u00f3k adatai k\u00f6z\u00fcl.<br \/>A felvett szem\u00e9lyes adatokat t\u00f6rv\u00e9ny elt\u00e9r\u0151 rendelkez\u00e9s\u00e9nek hi\u00e1ny\u00e1ban a Szolg\u00e1ltat\u00f3 a r\u00e1 vonatkoz\u00f3 jogi k\u00f6telezetts\u00e9g (\u00edgy k\u00fcl\u00f6n\u00f6sen a sz\u00e1mviteli k\u00f6telezetts\u00e9g, Felhaszn\u00e1l\u00f3val l\u00e9trej\u00f6tt szerz\u0151d\u00e9ses k\u00f6telezetts\u00e9g) teljes\u00edt\u00e9se c\u00e9lj\u00e1b\u00f3l, illetve saj\u00e1t vagy harmadik szem\u00e9ly jogos \u00e9rdek\u00e9nek \u00e9rv\u00e9nyes\u00edt\u00e9se c\u00e9lj\u00e1b\u00f3l, ha ezen \u00e9rdek \u00e9rv\u00e9nyes\u00edt\u00e9se a szem\u00e9lyes adatok v\u00e9delm\u00e9hez f\u0171z\u0151d\u0151 jog korl\u00e1toz\u00e1s\u00e1val ar\u00e1nyban \u00e1ll, tov\u00e1bbi k\u00fcl\u00f6n hozz\u00e1j\u00e1rul\u00e1s n\u00e9lk\u00fcl, valamint a Felhaszn\u00e1l\u00f3 hozz\u00e1j\u00e1rul\u00e1s\u00e1nak visszavon\u00e1s\u00e1t k\u00f6vet\u0151en is kezelheti.<\/h4>\n<h4><\/h4>\n<h3>V. A KEZELT ADATOK K\u00d6RE<\/h3>\n<h4>A Szolg\u00e1ltat\u00f3 az \u00e1ltala ny\u00fajtott szolg\u00e1ltat\u00e1s teljes\u00edt\u00e9se sor\u00e1n \u00e9s azt k\u00f6vet\u0151en a Felhaszn\u00e1l\u00f3 \u00f6nk\u00e9ntes hozz\u00e1j\u00e1rul\u00e1sa alapj\u00e1n a Felhaszn\u00e1l\u00f3 al\u00e1bbi szem\u00e9lyes adatait kezeli: vezet\u00e9kn\u00e9v, keresztn\u00e9v, e-mail c\u00edm.<br \/>A szem\u00e9lyes adatok val\u00f3dis\u00e1g\u00e1\u00e9rt, pontoss\u00e1g\u00e1\u00e9rt kiz\u00e1r\u00f3lag a Felhaszn\u00e1l\u00f3 tartozik felel\u0151ss\u00e9ggel.<\/h4>\n<h4><\/h4>\n<h3>VI. AZ ADATKEZEL\u00c9S C\u00c9LJA<\/h3>\n<h4>A Felhaszn\u00e1l\u00f3 szem\u00e9lyes adatai kezel\u00e9s\u00e9nek c\u00e9lja a IV. pontban foglalt h\u00edrlev\u00e9l \u00e9s rekl\u00e1m c\u00e9l\u00fa lev\u00e9l k\u00fcld\u00e9se \u00e9s a Szolg\u00e1ltat\u00f3 egy\u00e9b jogi k\u00f6telezetts\u00e9g\u00e9nek teljes\u00edt\u00e9se. A Szolg\u00e1ltat\u00f3 illet\u00e9ktelen harmadik szem\u00e9lyeknek a Felhaszn\u00e1l\u00f3 szem\u00e9lyes adatait nem szolg\u00e1ltatja ki.<\/h4>\n<h4><\/h4>\n<h3>VII. ADATKEZEL\u00c9S ID\u0150TARTAMA, ADATOK M\u00d3DOS\u00cdT\u00c1SA, T\u00d6RL\u00c9SE, TILTAKOZ\u00c1S AZ ADATKEZEL\u00c9S ELLEN<\/h3>\n<h4>A Szolg\u00e1ltat\u00f3 a szolg\u00e1ltat\u00e1sok ig\u00e9nybev\u00e9tel\u00e9vel kapcsolatban kezelt szem\u00e9lyes adatokat az adatkezel\u00e9s c\u00e9lj\u00e1nak megval\u00f3sul\u00e1s\u00e1ig kezeli.<br \/>A regisztr\u00e1ci\u00f3 sor\u00e1n megadott szem\u00e9lyes adatait a Felhaszn\u00e1l\u00f3 a weboldalon t\u00f6rt\u00e9n\u0151 bel\u00e9p\u00e9s\u00e9t k\u00f6vet\u0151en b\u00e1rmikor m\u00f3dos\u00edthatja.<br \/>A Felhaszn\u00e1l\u00f3 az simon@fozdebusz.hu email c\u00edmre k\u00fcld\u00f6tt elektronikus lev\u00e9l \u00fatj\u00e1n k\u00e9rheti szem\u00e9lyes adatai t\u00f6rl\u00e9s\u00e9t a Szolg\u00e1ltat\u00f3t\u00f3l. A Felhaszn\u00e1l\u00f3 szem\u00e9lyes adatait az \u00e9rintett k\u00e9relme n\u00e9lk\u00fcl is t\u00f6rli a Szolg\u00e1ltat\u00f3, ha annak kezel\u00e9se jogellenes, az adatkezel\u00e9s c\u00e9lja megsz\u0171nt, vagy az adatok t\u00e1rol\u00e1s\u00e1nak t\u00f6rv\u00e9nyben meghat\u00e1rozott hat\u00e1rideje lej\u00e1rt, azt a b\u00edr\u00f3s\u00e1g vagy a Nemzeti Adatv\u00e9delmi \u00e9s Inform\u00e1ci\u00f3szabads\u00e1g Hat\u00f3s\u00e1g elrendelte, vagy ha az adatkezel\u00e9s hi\u00e1nyos vagy t\u00e9ves \u2013 \u00e9s ez az \u00e1llapot jogszer\u0171en nem orvosolhat\u00f3 \u2013, felt\u00e9ve, hogy a t\u00f6rl\u00e9st t\u00f6rv\u00e9ny nem z\u00e1rja ki.<br \/>T\u00f6rl\u00e9s helyett a Szolg\u00e1ltat\u00f3 z\u00e1rolja a szem\u00e9lyes adatot, ha a Felhaszn\u00e1l\u00f3 ezt k\u00e9ri, vagy ha a rendelkez\u00e9s\u00e9re \u00e1ll\u00f3 inform\u00e1ci\u00f3k alapj\u00e1n felt\u00e9telezhet\u0151, hogy a t\u00f6rl\u00e9s s\u00e9rten\u00e9 a Felhaszn\u00e1l\u00f3 jogos \u00e9rdekeit. Az \u00edgy z\u00e1rolt szem\u00e9lyes adatot kiz\u00e1r\u00f3lag addig kezeli a Szolg\u00e1ltat\u00f3, ameddig fenn\u00e1ll az az adatkezel\u00e9si c\u00e9l, amely a szem\u00e9lyes adat t\u00f6rl\u00e9s\u00e9t kiz\u00e1rja. A Felhaszn\u00e1l\u00f3 hozz\u00e1j\u00e1rul\u00e1s\u00e1nak visszavon\u00e1s\u00e1t k\u00f6vet\u0151en a Szolg\u00e1ltat\u00f3 a jogszab\u00e1lyban foglalt k\u00f6telezetts\u00e9geinek (\u00edgy k\u00fcl\u00f6n\u00f6sen a sz\u00e1mviteli k\u00f6telezetts\u00e9gek) teljes\u00edt\u00e9se \u00e9rdek\u00e9ben a tov\u00e1bbiakban is kezelheti az \u00e9rintettre vonatkoz\u00f3 szem\u00e9lyes adatokat.<br \/>A Felhaszn\u00e1l\u00f3 tiltakozhat szem\u00e9lyes adatainak kezel\u00e9se ellen a simon@fozdebusz.hu email c\u00edmre k\u00fcld\u00f6tt elektronikus lev\u00e9l \u00fatj\u00e1n,<br \/>\u2013 ha a szem\u00e9lyes adatok kezel\u00e9se vagy tov\u00e1bb\u00edt\u00e1sa kiz\u00e1r\u00f3lag a Szolg\u00e1ltat\u00f3ra vonatkoz\u00f3 jogi k\u00f6telezetts\u00e9g teljes\u00edt\u00e9s\u00e9hez vagy az adatkezel\u0151, adat\u00e1tvev\u0151 vagy harmadik szem\u00e9ly jogos \u00e9rdek\u00e9nek \u00e9rv\u00e9nyes\u00edt\u00e9s\u00e9hez sz\u00fcks\u00e9ges, kiv\u00e9ve az \u00fan. k\u00f6telez\u0151 adatkezel\u00e9s eset\u00e9t;<br \/>\u2013 ha a szem\u00e9lyes adat felhaszn\u00e1l\u00e1sa vagy tov\u00e1bb\u00edt\u00e1sa k\u00f6zvetlen \u00fczletszerz\u00e9s, k\u00f6zv\u00e9lem\u00e9ny-kutat\u00e1s vagy tudom\u00e1nyos kutat\u00e1s c\u00e9lj\u00e1ra t\u00f6rt\u00e9nik; valamint<br \/>\u2013 valamely t\u00f6rv\u00e9nyben meghat\u00e1rozott egy\u00e9b esetben.<br \/>Az adatkezel\u0151 a tiltakoz\u00e1st a k\u00e9relem beny\u00fajt\u00e1s\u00e1t\u00f3l sz\u00e1m\u00edtott legr\u00f6videbb id\u0151n bel\u00fcl, de legfeljebb 15 napon bel\u00fcl megvizsg\u00e1lja, annak megalapozotts\u00e1ga k\u00e9rd\u00e9s\u00e9ben d\u00f6nt\u00e9st hoz, \u00e9s d\u00f6nt\u00e9s\u00e9r\u0151l a k\u00e9relmez\u0151t \u00edr\u00e1sban t\u00e1j\u00e9koztatja.<br \/>Ha az adatkezel\u0151 az \u00e9rintett tiltakoz\u00e1s\u00e1nak megalapozotts\u00e1g\u00e1t meg\u00e1llap\u00edtja, az adatkezel\u00e9st \u2013 bele\u00e9rtve a tov\u00e1bbi adatfelv\u00e9telt \u00e9s adattov\u00e1bb\u00edt\u00e1st is \u2013 megsz\u00fcnteti, \u00e9s az adatokat z\u00e1rolja, valamint a tiltakoz\u00e1sr\u00f3l, tov\u00e1bb\u00e1 az annak alapj\u00e1n tett int\u00e9zked\u00e9sekr\u0151l \u00e9rtes\u00edti mindazokat, akik r\u00e9sz\u00e9re a tiltakoz\u00e1ssal \u00e9rintett szem\u00e9lyes adatot kor\u00e1bban tov\u00e1bb\u00edtotta, \u00e9s akik k\u00f6telesek int\u00e9zkedni a tiltakoz\u00e1si jog \u00e9rv\u00e9nyes\u00edt\u00e9se \u00e9rdek\u00e9ben.<br \/>Ha az \u00e9rintett az adatkezel\u0151 meghozott d\u00f6nt\u00e9s\u00e9vel nem \u00e9rt egyet, illetve ha az adatkezel\u0151 a 15 napos hat\u00e1rid\u0151t elmulasztja, az \u00e9rintett \u2013 a d\u00f6nt\u00e9s k\u00f6zl\u00e9s\u00e9t\u0151l, illetve a hat\u00e1rid\u0151 utols\u00f3 napj\u00e1t\u00f3l sz\u00e1m\u00edtott 30 napon bel\u00fcl b\u00edr\u00f3s\u00e1ghoz fordulhat. A b\u00edr\u00f3s\u00e1g soron k\u00edv\u00fcl j\u00e1r el.<br \/>Ha az adat\u00e1tvev\u0151 jog\u00e1nak \u00e9rv\u00e9nyes\u00edt\u00e9s\u00e9hez sz\u00fcks\u00e9ges adatokat az \u00e9rintett tiltakoz\u00e1sa miatt nem kapja meg, az \u00e9rtes\u00edt\u00e9s k\u00f6zl\u00e9s\u00e9t\u0151l sz\u00e1m\u00edtott 15 napon bel\u00fcl, az adatokhoz val\u00f3 hozz\u00e1jut\u00e1s \u00e9rdek\u00e9ben b\u00edr\u00f3s\u00e1ghoz fordulhat az adatkezel\u0151 ellen. Az adatkezel\u0151 az \u00e9rintettet is perbe h\u00edvhatja.<br \/>Ha az adatkezel\u0151 az \u00e9rtes\u00edt\u00e9st elmulasztja, az adat\u00e1tvev\u0151 felvil\u00e1gos\u00edt\u00e1st k\u00e9rhet az adat\u00e1tad\u00e1s meghi\u00fasul\u00e1s\u00e1val kapcsolatos k\u00f6r\u00fclm\u00e9nyekr\u0151l az adatkezel\u0151t\u0151l, amely felvil\u00e1gos\u00edt\u00e1st az adatkezel\u0151 az adat\u00e1tvev\u0151 erre ir\u00e1nyul\u00f3 k\u00e9relm\u00e9nek k\u00e9zbes\u00edt\u00e9s\u00e9t k\u00f6vet\u0151 8 napon bel\u00fcl k\u00f6teles megadni. Felvil\u00e1gos\u00edt\u00e1s k\u00e9r\u00e9se eset\u00e9n az adat\u00e1tvev\u0151 a felvil\u00e1gos\u00edt\u00e1s megad\u00e1s\u00e1t\u00f3l, de legk\u00e9s\u0151bb az arra nyitva \u00e1ll\u00f3 hat\u00e1rid\u0151t\u0151l sz\u00e1m\u00edtott 15 napon bel\u00fcl fordulhat b\u00edr\u00f3s\u00e1ghoz az adatkezel\u0151 ellen. Az adatkezel\u0151 az \u00e9rintettet is perbe h\u00edvhatja.<br \/>Az adatkezel\u0151 az \u00e9rintett adat\u00e1t nem t\u00f6r\u00f6lheti, ha az adatkezel\u00e9st t\u00f6rv\u00e9ny rendelte el. Az adat azonban nem tov\u00e1bb\u00edthat\u00f3 az adat\u00e1tvev\u0151 r\u00e9sz\u00e9re, ha az adatkezel\u0151 egyet\u00e9rtett a tiltakoz\u00e1ssal, vagy a b\u00edr\u00f3s\u00e1g a tiltakoz\u00e1s jogoss\u00e1g\u00e1t meg\u00e1llap\u00edtotta.<\/h4>\n<h4><\/h4>\n<h3>VIII. T\u00c1J\u00c9KOZTAT\u00c1S K\u00c9R\u00c9SE<\/h3>\n<h4>A Felhaszn\u00e1l\u00f3 b\u00e1rmikor jogosult t\u00e1j\u00e9koztat\u00e1st k\u00e9rni a Szolg\u00e1ltat\u00f3 \u00e1ltal a weboldal szolg\u00e1ltat\u00e1saival \u00f6sszef\u00fcgg\u00e9sben kezelt, r\u00e1 vonatkoz\u00f3 szem\u00e9lyes adatokr\u00f3l az simon@fozdebusz.hu email c\u00edmen. A Szolg\u00e1ltat\u00f3 a Felhaszn\u00e1l\u00f3 k\u00e9relm\u00e9re t\u00e1j\u00e9koztat\u00e1st ad a Felhaszn\u00e1l\u00f3ra vonatkoz\u00f3, az adott szolg\u00e1ltat\u00e1ssal \u00f6sszef\u00fcgg\u00e9sben \u00e1ltala kezelt adatokr\u00f3l, azok forr\u00e1s\u00e1r\u00f3l, az adatkezel\u00e9s c\u00e9lj\u00e1r\u00f3l, jogalapj\u00e1r\u00f3l, id\u0151tartam\u00e1r\u00f3l, az adatfeldolgoz\u00f3 nev\u00e9r\u0151l, c\u00edm\u00e9r\u0151l, az adattov\u00e1bb\u00edt\u00e1s jogalapj\u00e1r\u00f3l \u00e9s c\u00edmzettj\u00e9r\u0151l, az adatkezel\u00e9ssel \u00f6sszef\u00fcgg\u0151 tev\u00e9kenys\u00e9g\u00e9r\u0151l. A Szolg\u00e1ltat\u00f3 k\u00f6teles a k\u00e9relem beny\u00fajt\u00e1s\u00e1t\u00f3l sz\u00e1m\u00edtott legr\u00f6videbb id\u0151 alatt, legfeljebb azonban 30 napon bel\u00fcl, k\u00f6z\u00e9rthet\u0151 form\u00e1ban, az \u00e9rintett erre ir\u00e1nyul\u00f3 k\u00e9relm\u00e9re \u00edr\u00e1sban megadni a t\u00e1j\u00e9koztat\u00e1st. A t\u00e1j\u00e9koztat\u00e1s ingyenes. A kor\u00e1bban a Szolg\u00e1ltat\u00f3 r\u00e9sz\u00e9re megadott e-mail c\u00edmr\u0151l \u00e9rkezett ig\u00e9nyt a Szolg\u00e1ltat\u00f3 a Felhaszn\u00e1l\u00f3t\u00f3l \u00e9rkezett ig\u00e9nynek tekinti. Egy\u00e9b email c\u00edmr\u0151l, valamint \u00edr\u00e1sban beny\u00fajtott ig\u00e9nyek eset\u00e9n a Felhaszn\u00e1l\u00f3 akkor ny\u00fajthat be ig\u00e9nyt, ha megfelel\u0151en igazolta felhaszn\u00e1l\u00f3i min\u0151s\u00e9g\u00e9t.<\/h4>\n<h4><\/h4>\n<h3>JOG\u00c9RV\u00c9NYES\u00cdT\u00c9SI LEHET\u0150S\u00c9GEK<\/h3>\n<h4>A Felhaszn\u00e1l\u00f3 jog\u00e9rv\u00e9nyes\u00edti lehet\u0151s\u00e9geit az Info t\u00f6rv\u00e9ny, valamint az 1959. \u00e9vi IV. tv. (Ptk.) alapj\u00e1n b\u00edr\u00f3s\u00e1g el\u0151tt gyakorolhatja, tov\u00e1bb\u00e1 b\u00e1rmilyen szem\u00e9lyes adattal kapcsolatos k\u00e9rd\u00e9sben k\u00e9rheti a Nemzeti Adatv\u00e9delmi \u00e9s Inform\u00e1ci\u00f3szabads\u00e1g Hat\u00f3s\u00e1g seg\u00edts\u00e9g\u00e9t is (1125 Budapest Szil\u00e1gyi Erzs\u00e9bet fasor 22\/C, postac\u00edm: 1530 Budapest, Pf. 5., ugyfelszolgalat@naih.hu, (+36) 1 391 1400, www.naih.hu).<\/h4>\n<p>[\/et_pb_text][\/et_pb_column][\/et_pb_row][\/et_pb_section]<\/p>\n","protected":false},"excerpt":{"rendered":"<p>Adatkezel\u00e9si t\u00e1j\u00e9koztat\u00f3A jelen t\u00e1j\u00e9koztat\u00f3 c\u00e9lja, hogy r\u00f6gz\u00edtse a brandocs.hu (a tov\u00e1bbiakban weboldal) \u00fczemeltet\u0151je, Brandocs Solutions Kft. (a tov\u00e1bbiakban Szolg\u00e1ltat\u00f3) \u00e1ltal alkalmazott adatv\u00e9delmi \u00e9s -kezel\u00e9si elveket \u00e9s a Szolg\u00e1ltat\u00f3 adatv\u00e9delmi \u00e9s -kezel\u00e9si politik\u00e1j\u00e1t, amelyet a Szolg\u00e1ltat\u00f3 mag\u00e1ra n\u00e9zve k\u00f6telez\u0151nek ismer el, mivel a Szolg\u00e1ltat\u00f3 c\u00e9lja, hogy a lehet\u0151 legteljesebb m\u00e9rt\u00e9kben biztos\u00edtsa a weboldalon regisztr\u00e1lt felhaszn\u00e1l\u00f3k szem\u00e9lyes [&hellip;]<\/p>\n","protected":false},"author":2,"featured_media":0,"parent":0,"menu_order":0,"comment_status":"closed","ping_status":"closed","template":"page-template-blank.php","meta":{"_et_pb_use_builder":"on","_et_pb_old_content":"","_et_gb_content_width":"","footnotes":""},"class_list":["post-406","page","type-page","status-publish","hentry"],"_links":{"self":[{"href":"https:\/\/brandocs.hu\/home\/wp-json\/wp\/v2\/pages\/406","targetHints":{"allow":["GET"]}}],"collection":[{"href":"https:\/\/brandocs.hu\/home\/wp-json\/wp\/v2\/pages"}],"about":[{"href":"https:\/\/brandocs.hu\/home\/wp-json\/wp\/v2\/types\/page"}],"author":[{"embeddable":true,"href":"https:\/\/brandocs.hu\/home\/wp-json\/wp\/v2\/users\/2"}],"replies":[{"embeddable":true,"href":"https:\/\/brandocs.hu\/home\/wp-json\/wp\/v2\/comments?post=406"}],"version-history":[{"count":7,"href":"https:\/\/brandocs.hu\/home\/wp-json\/wp\/v2\/pages\/406\/revisions"}],"predecessor-version":[{"id":276599,"href":"https:\/\/brandocs.hu\/home\/wp-json\/wp\/v2\/pages\/406\/revisions\/276599"}],"wp:attachment":[{"href":"https:\/\/brandocs.hu\/home\/wp-json\/wp\/v2\/media?parent=406"}],"curies":[{"name":"wp","href":"https:\/\/api.w.org\/{rel}","templated":true}]}}